{"id":142885,"date":"2020-02-12T12:11:07","date_gmt":"2020-02-12T11:11:07","guid":{"rendered":"https:\/\/stickerdeco.fr\/produit\/adesivo-per-porta-torre-eiffel-strada-parigina\/"},"modified":"2026-03-14T10:43:31","modified_gmt":"2026-03-14T09:43:31","slug":"adesivo-per-porta-torre-eiffel-strada-parigina","status":"publish","type":"product","link":"https:\/\/stickerdeco.fr\/it\/produit\/adesivo-per-porta-torre-eiffel-strada-parigina\/","title":{"rendered":"Adesivo per Porta Torre Eiffel Strada Parigina"},"content":{"rendered":"<div class=\"wpb-content-wrapper\"><p>[vc_row][vc_column][vc_column_text]<\/p>\n<h2><span style=\"font-size: 14pt;\"><strong>Il Adesivo per Porta Torre Eiffel Strada Parigina<\/strong><\/span><\/h2>\n<p><span style=\"font-size: 11pt;\">Vuoi rinnovare la tua <strong>decorazione d\u2019interni<\/strong>? Allora questo splendido <strong>Adesivo per Porta Torre Eiffel Strada Parigina <\/strong>\u00e8 perfetto per te. Questo adesivo per porta in vinile di alta qualit\u00e0 \u00e8 facile da applicare e trasforma subito il tuo spazio.<\/span><\/p>\n<p><span style=\"font-size: 11pt;\">I nostri <strong>adesivi per porte<\/strong> vengono consegnati in un unico pezzo per un\u2019applicazione pi\u00f9 semplice e un risultato impeccabile. Con un <strong>adesivo per porta<\/strong> ottieni in pochi minuti una decorazione originale e personalizzata.<\/span><\/p>\n<h3><span style=\"font-size: 14pt;\"><strong>L\u2019adesivo per porta<\/strong><\/span><\/h3>\n<p><span style=\"font-size: 11pt;\">Vuoi uno stile unico per le tue porte? Allora questo <strong>Adesivo per Porta Torre Eiffel Strada Parigina<\/strong> \u00e8 perfetto per te. \u00c8 <strong>facile da applicare<\/strong> e dona ai tuoi interni un forte tocco decorativo.<\/span><\/p>\n<p><span style=\"font-size: 11pt;\">Con i nostri <a href=\"https:\/\/stickerdeco.fr\/it\/cat\/sticker-porta\/\"><strong>adesivi per porte<\/strong><\/a>, puoi creare un\u2019atmosfera originale in casa. Effetto legno, stile industriale, trompe-l\u2019\u0153il o panorama: c\u2019\u00e8 un design per ogni ambiente.<\/span><\/p>\n<h3><span style=\"font-size: 14pt;\"><strong>Un adesivo di altissima qualit\u00e0<\/strong><\/span><\/h3>\n<p><span style=\"font-size: 11pt;\">Stampiamo i nostri adesivi murali in alta definizione su vinile adesivo resistente con colla strutturata, per un\u2019applicazione pi\u00f9 facile e senza bolle. Il materiale rimane sottile ed elegante, offrendo al tempo stesso un\u2019eccellente durata nel tempo.<\/span><\/p>\n<h3><span style=\"font-size: 14pt;\"><strong>Come decorare la casa?<\/strong><\/span><\/h3>\n<p><span style=\"font-size: 11pt;\">Ti piace questo <strong>Adesivo per Porta Torre Eiffel Strada Parigina <\/strong>? Completa la tua decorazione con i nostri <a href=\"\/?product_cat=sticker-salle-de-bains\"><strong>Adesivi bagno<\/strong><\/a>, <a href=\"\/?product_cat=sticker-salon\"><strong>Adesivi soggiorno<\/strong><\/a>, <a href=\"https:\/\/stickerdeco.fr\/it\/cat\/sticker-murali\/sticker-cucina\/\"><strong>Adesivi cucina<\/strong><\/a> e <a href=\"https:\/\/stickerdeco.fr\/it\/cat\/sticker-murali\/sticker-camera-adulti\/\"><strong>Adesivi camera<\/strong><\/a>.<\/span><\/p>\n<h3><span style=\"font-size: 14pt;\"><strong><a href=\"https:\/\/www.stickerdeco.fr\/\">StickerDeco.fr<\/a> significa migliaia di prodotti!<\/strong><\/span><\/h3>\n<p><span style=\"font-size: 11pt;\">Stampati nel nostro laboratorio dell\u2019\u00cele-de-France, i nostri sticker sono <strong>Made in France<\/strong>. Scegli il tuo tra le nostre numerose categorie.<\/span><\/p>\n<ul>\n<li><span style=\"font-size: 11pt;\"><a href=\"\/?product_cat=stickers-muraux-animaux\"><strong>Adesivi animali<\/strong><\/a>, <\/span><\/li>\n<li><span style=\"font-size: 11pt;\"><strong><a href=\"\/?product_cat=stickers-muraux-fleurs\">Adesivi fiori<\/a><\/strong>, <\/span><\/li>\n<li><span style=\"font-size: 11pt;\"><strong><a href=\"\/?product_cat=stickers-muraux-mangas-et-cartoons\">Adesivi manga<\/a><\/strong> e molto altro.<\/span><\/li>\n<\/ul>\n<p><span style=\"font-size: 14pt; color: #d64444;\"><strong>ADESIVO DI ALTISSIMA QUALIT\u00c0 = APPLICAZIONE FACILE, GARANZIA SENZA BOLLE<\/strong><\/span>[\/vc_column_text][\/vc_column][\/vc_row]<\/p>\n<\/div>","protected":false},"excerpt":{"rendered":"<p>Vuoi dare alle tue porte uno stile parigino, chic e urbano? Allora questo <strong>Adesivo per Porta Torre Eiffel Strada Parigina<\/strong> \u00e8 perfetto per te.<\/p>\n<p>Porta l\u2019architettura francese in casa con questo <strong>adesivo per porta trompe-l\u2019\u0153il<\/strong>. Questo adesivo per porta raffigura il monumento pi\u00f9 famoso di Francia, la Torre Eiffel. Dona profondit\u00e0 e far\u00e0 sembrare i tuoi ambienti pi\u00f9 grandi.<\/p>\n<p><strong>Caratteristiche del prodotto:<\/strong><\/p>\n<ul class=\"product-short-desc-list\">\n<li>Adesivi per porte: applicazione facile e senza bolle<\/li>\n<li>Consegnato in un unico pezzo: nessun assemblaggio laborioso o incollaggio aggiuntivo<\/li>\n<li>Superficie laminata con finitura opaca: aspetto elegante, bassa riflessione e grande durata<\/li>\n<li>Adatto a superfici lisce (porte verniciate\/laminate, plastica, vetro, ecc.)<\/li>\n<li>Facile da pulire, lavabile e resistente agli schizzi<\/li>\n<li>Euroclasse B-s1,d0 (equiv. M1 in Francia)<\/li>\n<li>Stampa ecologica UL ECOLOGO\u00ae e UL GREENGUARD Gold: basse emissioni e senza odori, adatta ad ambienti interni sensibili<\/li>\n<\/ul>\n","protected":false},"featured_media":142894,"template":"","meta":[],"product_brand":[],"product_cat":[4615],"product_tag":[5122,5123,5076,6800,6801,6803,6992,6806,6804,6981,6805,6980,6866,5059,6802],"class_list":{"0":"post-142885","1":"product","2":"type-product","3":"status-publish","4":"has-post-thumbnail","6":"product_cat-sticker-porta","7":"product_tag-adesivi-francia","8":"product_tag-adesivi-nos-regions","9":"product_tag-adesivi-parigi","10":"product_tag-adesivi-per-porta-63-x-204-cm","11":"product_tag-adesivi-per-porta-73-x-204-cm","12":"product_tag-adesivi-per-porta-93-x-204-cm","13":"product_tag-adesivi-porta-bagno","14":"product_tag-adesivi-porta-chambre","15":"product_tag-adesivi-porta-cucina","16":"product_tag-adesivi-porta-paysage","17":"product_tag-adesivi-porta-salon","18":"product_tag-adesivi-porta-trompe-loeil","19":"product_tag-adesivi-torre-eiffel","20":"product_tag-adesivi-trompe-loeil","21":"product_tag-stickers-porta-83-x-204-cm","23":"first","24":"instock","25":"sale","26":"taxable","27":"shipping-taxable","28":"purchasable","29":"product-type-variable","30":"has-default-attributes"},"etheme_brands":{"errors":{"invalid_taxonomy":["Tassonomia non valida."]},"error_data":[]},"yoast_head":"<!-- This site is optimized with the Yoast SEO Premium plugin v27.3 (Yoast SEO v27.3) - https:\/\/yoast.com\/product\/yoast-seo-premium-wordpress\/ -->\n<title>Adesivo per Porta Torre Eiffel Strada Parigina | Adesivi per porte | Stickerdeco.fr<\/title>\n<meta name=\"description\" content=\"Dai un tocco decorativo ai tuoi interni con questo Adesivo per Porta Torre Eiffel Strada Parigina. Realizzato in Francia e disponibile in diverse misure.\" \/>\n<meta name=\"robots\" content=\"index, follow, max-snippet:-1, max-image-preview:large, max-video-preview:-1\" \/>\n<link rel=\"canonical\" href=\"https:\/\/stickerdeco.fr\/it\/produit\/adesivo-per-porta-torre-eiffel-strada-parigina\/\" \/>\n<meta property=\"og:locale\" content=\"it_IT\" \/>\n<meta property=\"og:type\" content=\"article\" \/>\n<meta property=\"og:title\" content=\"Adesivo per Porta Torre Eiffel Strada Parigina\" \/>\n<meta property=\"og:description\" content=\"Dai un tocco decorativo ai tuoi interni con questo Adesivo per Porta Torre Eiffel Strada Parigina. Realizzato in Francia e disponibile in diverse misure.\" \/>\n<meta property=\"og:url\" content=\"https:\/\/stickerdeco.fr\/it\/produit\/adesivo-per-porta-torre-eiffel-strada-parigina\/\" \/>\n<meta property=\"og:site_name\" content=\"Sticker Deco\" \/>\n<meta property=\"article:publisher\" content=\"https:\/\/www.facebook.com\/stickerdeco.fr\/\" \/>\n<meta property=\"article:modified_time\" content=\"2026-03-14T09:43:31+00:00\" \/>\n<meta property=\"og:image\" content=\"https:\/\/stickerdeco.fr\/wp-content\/uploads\/2020\/02\/sticker-porte-tour-eiffel-rue-parisienne-01.jpg\" \/>\n\t<meta property=\"og:image:width\" content=\"1500\" \/>\n\t<meta property=\"og:image:height\" content=\"1500\" \/>\n\t<meta property=\"og:image:type\" content=\"image\/jpeg\" \/>\n<meta name=\"twitter:card\" content=\"summary_large_image\" \/>\n<meta name=\"twitter:label1\" content=\"Disponibilit\u00e0\" \/>\n\t<meta name=\"twitter:data1\" content=\"In stock\" \/>\n<script type=\"application\/ld+json\" class=\"yoast-schema-graph\">{\"@context\":\"https:\\\/\\\/schema.org\",\"@graph\":[{\"@type\":\"WebPage\",\"@id\":\"https:\\\/\\\/stickerdeco.fr\\\/it\\\/produit\\\/adesivo-per-porta-torre-eiffel-strada-parigina\\\/\",\"url\":\"https:\\\/\\\/stickerdeco.fr\\\/it\\\/produit\\\/adesivo-per-porta-torre-eiffel-strada-parigina\\\/\",\"name\":\"Adesivo per Porta Torre Eiffel Strada Parigina | Adesivi per porte | Stickerdeco.fr\",\"isPartOf\":{\"@id\":\"https:\\\/\\\/stickerdeco.fr\\\/it\\\/#website\"},\"primaryImageOfPage\":{\"@id\":\"https:\\\/\\\/stickerdeco.fr\\\/it\\\/produit\\\/adesivo-per-porta-torre-eiffel-strada-parigina\\\/#primaryimage\"},\"image\":{\"@id\":\"https:\\\/\\\/stickerdeco.fr\\\/it\\\/produit\\\/adesivo-per-porta-torre-eiffel-strada-parigina\\\/#primaryimage\"},\"thumbnailUrl\":\"https:\\\/\\\/stickerdeco.fr\\\/wp-content\\\/uploads\\\/2020\\\/02\\\/sticker-porte-tour-eiffel-rue-parisienne-01.jpg\",\"datePublished\":\"2020-02-12T11:11:07+00:00\",\"dateModified\":\"2026-03-14T09:43:31+00:00\",\"description\":\"Dai un tocco decorativo ai tuoi interni con questo Adesivo per Porta Torre Eiffel Strada Parigina. Realizzato in Francia e disponibile in diverse misure.\",\"breadcrumb\":{\"@id\":\"https:\\\/\\\/stickerdeco.fr\\\/it\\\/produit\\\/adesivo-per-porta-torre-eiffel-strada-parigina\\\/#breadcrumb\"},\"inLanguage\":\"it-IT\",\"potentialAction\":[{\"@type\":\"ReadAction\",\"target\":[\"https:\\\/\\\/stickerdeco.fr\\\/it\\\/produit\\\/adesivo-per-porta-torre-eiffel-strada-parigina\\\/\"]}]},{\"@type\":\"ImageObject\",\"inLanguage\":\"it-IT\",\"@id\":\"https:\\\/\\\/stickerdeco.fr\\\/it\\\/produit\\\/adesivo-per-porta-torre-eiffel-strada-parigina\\\/#primaryimage\",\"url\":\"https:\\\/\\\/stickerdeco.fr\\\/wp-content\\\/uploads\\\/2020\\\/02\\\/sticker-porte-tour-eiffel-rue-parisienne-01.jpg\",\"contentUrl\":\"https:\\\/\\\/stickerdeco.fr\\\/wp-content\\\/uploads\\\/2020\\\/02\\\/sticker-porte-tour-eiffel-rue-parisienne-01.jpg\",\"width\":1500,\"height\":1500,\"caption\":\"Adesivo per Porta Torre Eiffel Strada Parigina\"},{\"@type\":\"BreadcrumbList\",\"@id\":\"https:\\\/\\\/stickerdeco.fr\\\/it\\\/produit\\\/adesivo-per-porta-torre-eiffel-strada-parigina\\\/#breadcrumb\",\"itemListElement\":[{\"@type\":\"ListItem\",\"position\":1,\"name\":\"Accueil\",\"item\":\"https:\\\/\\\/stickerdeco.fr\\\/it\\\/\"},{\"@type\":\"ListItem\",\"position\":2,\"name\":\"Negozio\",\"item\":\"https:\\\/\\\/stickerdeco.fr\\\/boutique\\\/\"},{\"@type\":\"ListItem\",\"position\":3,\"name\":\"Adesivo per Porta Torre Eiffel Strada Parigina\"}]},{\"@type\":\"WebSite\",\"@id\":\"https:\\\/\\\/stickerdeco.fr\\\/it\\\/#website\",\"url\":\"https:\\\/\\\/stickerdeco.fr\\\/it\\\/\",\"name\":\"Sticker Deco\",\"description\":\"Le Sticker Made In France\",\"publisher\":{\"@id\":\"https:\\\/\\\/stickerdeco.fr\\\/it\\\/#organization\"},\"potentialAction\":[{\"@type\":\"SearchAction\",\"target\":{\"@type\":\"EntryPoint\",\"urlTemplate\":\"https:\\\/\\\/stickerdeco.fr\\\/it\\\/?s={search_term_string}\"},\"query-input\":{\"@type\":\"PropertyValueSpecification\",\"valueRequired\":true,\"valueName\":\"search_term_string\"}}],\"inLanguage\":\"it-IT\"},{\"@type\":\"Organization\",\"@id\":\"https:\\\/\\\/stickerdeco.fr\\\/it\\\/#organization\",\"name\":\"Sticker D\u00e9co\",\"url\":\"https:\\\/\\\/stickerdeco.fr\\\/it\\\/\",\"logo\":{\"@type\":\"ImageObject\",\"inLanguage\":\"it-IT\",\"@id\":\"https:\\\/\\\/stickerdeco.fr\\\/it\\\/#\\\/schema\\\/logo\\\/image\\\/\",\"url\":\"https:\\\/\\\/stickerdeco.fr\\\/wp-content\\\/uploads\\\/1987\\\/05\\\/stickerdeco-logo-v2-carre.png\",\"contentUrl\":\"https:\\\/\\\/stickerdeco.fr\\\/wp-content\\\/uploads\\\/1987\\\/05\\\/stickerdeco-logo-v2-carre.png\",\"width\":1000,\"height\":1000,\"caption\":\"Sticker D\u00e9co\"},\"image\":{\"@id\":\"https:\\\/\\\/stickerdeco.fr\\\/it\\\/#\\\/schema\\\/logo\\\/image\\\/\"},\"sameAs\":[\"https:\\\/\\\/www.facebook.com\\\/stickerdeco.fr\\\/\",\"https:\\\/\\\/www.instagram.com\\\/stickerdecofr\\\/\",\"https:\\\/\\\/www.pinterest.fr\\\/stickerdecofr\\\/\",\"https:\\\/\\\/www.youtube.com\\\/StickerDeco\"],\"email\":\"contact@stickerdeco.fr\",\"telephone\":\"0980809233\",\"legalName\":\"Sticker D\u00e9co\"}]}<\/script>\n<meta property=\"og:availability\" content=\"instock\" \/>\n<meta property=\"product:availability\" content=\"instock\" \/>\n<meta property=\"product:condition\" content=\"new\" \/>\n<!-- \/ Yoast SEO Premium plugin. -->","yoast_head_json":{"title":"Adesivo per Porta Torre Eiffel Strada Parigina | Adesivi per porte | Stickerdeco.fr","description":"Dai un tocco decorativo ai tuoi interni con questo Adesivo per Porta Torre Eiffel Strada Parigina. Realizzato in Francia e disponibile in diverse misure.","robots":{"index":"index","follow":"follow","max-snippet":"max-snippet:-1","max-image-preview":"max-image-preview:large","max-video-preview":"max-video-preview:-1"},"canonical":"https:\/\/stickerdeco.fr\/it\/produit\/adesivo-per-porta-torre-eiffel-strada-parigina\/","og_locale":"it_IT","og_type":"article","og_title":"Adesivo per Porta Torre Eiffel Strada Parigina","og_description":"Dai un tocco decorativo ai tuoi interni con questo Adesivo per Porta Torre Eiffel Strada Parigina. Realizzato in Francia e disponibile in diverse misure.","og_url":"https:\/\/stickerdeco.fr\/it\/produit\/adesivo-per-porta-torre-eiffel-strada-parigina\/","og_site_name":"Sticker Deco","article_publisher":"https:\/\/www.facebook.com\/stickerdeco.fr\/","article_modified_time":"2026-03-14T09:43:31+00:00","og_image":[{"width":1500,"height":1500,"url":"https:\/\/stickerdeco.fr\/wp-content\/uploads\/2020\/02\/sticker-porte-tour-eiffel-rue-parisienne-01.jpg","type":"image\/jpeg"}],"twitter_card":"summary_large_image","twitter_misc":{"Disponibilit\u00e0":"In stock"},"schema":{"@context":"https:\/\/schema.org","@graph":[{"@type":"WebPage","@id":"https:\/\/stickerdeco.fr\/it\/produit\/adesivo-per-porta-torre-eiffel-strada-parigina\/","url":"https:\/\/stickerdeco.fr\/it\/produit\/adesivo-per-porta-torre-eiffel-strada-parigina\/","name":"Adesivo per Porta Torre Eiffel Strada Parigina | Adesivi per porte | Stickerdeco.fr","isPartOf":{"@id":"https:\/\/stickerdeco.fr\/it\/#website"},"primaryImageOfPage":{"@id":"https:\/\/stickerdeco.fr\/it\/produit\/adesivo-per-porta-torre-eiffel-strada-parigina\/#primaryimage"},"image":{"@id":"https:\/\/stickerdeco.fr\/it\/produit\/adesivo-per-porta-torre-eiffel-strada-parigina\/#primaryimage"},"thumbnailUrl":"https:\/\/stickerdeco.fr\/wp-content\/uploads\/2020\/02\/sticker-porte-tour-eiffel-rue-parisienne-01.jpg","datePublished":"2020-02-12T11:11:07+00:00","dateModified":"2026-03-14T09:43:31+00:00","description":"Dai un tocco decorativo ai tuoi interni con questo Adesivo per Porta Torre Eiffel Strada Parigina. Realizzato in Francia e disponibile in diverse misure.","breadcrumb":{"@id":"https:\/\/stickerdeco.fr\/it\/produit\/adesivo-per-porta-torre-eiffel-strada-parigina\/#breadcrumb"},"inLanguage":"it-IT","potentialAction":[{"@type":"ReadAction","target":["https:\/\/stickerdeco.fr\/it\/produit\/adesivo-per-porta-torre-eiffel-strada-parigina\/"]}]},{"@type":"ImageObject","inLanguage":"it-IT","@id":"https:\/\/stickerdeco.fr\/it\/produit\/adesivo-per-porta-torre-eiffel-strada-parigina\/#primaryimage","url":"https:\/\/stickerdeco.fr\/wp-content\/uploads\/2020\/02\/sticker-porte-tour-eiffel-rue-parisienne-01.jpg","contentUrl":"https:\/\/stickerdeco.fr\/wp-content\/uploads\/2020\/02\/sticker-porte-tour-eiffel-rue-parisienne-01.jpg","width":1500,"height":1500,"caption":"Adesivo per Porta Torre Eiffel Strada Parigina"},{"@type":"BreadcrumbList","@id":"https:\/\/stickerdeco.fr\/it\/produit\/adesivo-per-porta-torre-eiffel-strada-parigina\/#breadcrumb","itemListElement":[{"@type":"ListItem","position":1,"name":"Accueil","item":"https:\/\/stickerdeco.fr\/it\/"},{"@type":"ListItem","position":2,"name":"Negozio","item":"https:\/\/stickerdeco.fr\/boutique\/"},{"@type":"ListItem","position":3,"name":"Adesivo per Porta Torre Eiffel Strada Parigina"}]},{"@type":"WebSite","@id":"https:\/\/stickerdeco.fr\/it\/#website","url":"https:\/\/stickerdeco.fr\/it\/","name":"Sticker Deco","description":"Le Sticker Made In France","publisher":{"@id":"https:\/\/stickerdeco.fr\/it\/#organization"},"potentialAction":[{"@type":"SearchAction","target":{"@type":"EntryPoint","urlTemplate":"https:\/\/stickerdeco.fr\/it\/?s={search_term_string}"},"query-input":{"@type":"PropertyValueSpecification","valueRequired":true,"valueName":"search_term_string"}}],"inLanguage":"it-IT"},{"@type":"Organization","@id":"https:\/\/stickerdeco.fr\/it\/#organization","name":"Sticker D\u00e9co","url":"https:\/\/stickerdeco.fr\/it\/","logo":{"@type":"ImageObject","inLanguage":"it-IT","@id":"https:\/\/stickerdeco.fr\/it\/#\/schema\/logo\/image\/","url":"https:\/\/stickerdeco.fr\/wp-content\/uploads\/1987\/05\/stickerdeco-logo-v2-carre.png","contentUrl":"https:\/\/stickerdeco.fr\/wp-content\/uploads\/1987\/05\/stickerdeco-logo-v2-carre.png","width":1000,"height":1000,"caption":"Sticker D\u00e9co"},"image":{"@id":"https:\/\/stickerdeco.fr\/it\/#\/schema\/logo\/image\/"},"sameAs":["https:\/\/www.facebook.com\/stickerdeco.fr\/","https:\/\/www.instagram.com\/stickerdecofr\/","https:\/\/www.pinterest.fr\/stickerdecofr\/","https:\/\/www.youtube.com\/StickerDeco"],"email":"contact@stickerdeco.fr","telephone":"0980809233","legalName":"Sticker D\u00e9co"}]},"og_availability":"instock","product_availability":"instock","product_condition":"new"},"_links":{"self":[{"href":"https:\/\/stickerdeco.fr\/it\/wp-json\/wp\/v2\/product\/142885","targetHints":{"allow":["GET"]}}],"collection":[{"href":"https:\/\/stickerdeco.fr\/it\/wp-json\/wp\/v2\/product"}],"about":[{"href":"https:\/\/stickerdeco.fr\/it\/wp-json\/wp\/v2\/types\/product"}],"version-history":[{"count":58,"href":"https:\/\/stickerdeco.fr\/it\/wp-json\/wp\/v2\/product\/142885\/revisions"}],"predecessor-version":[{"id":143756,"href":"https:\/\/stickerdeco.fr\/it\/wp-json\/wp\/v2\/product\/142885\/revisions\/143756"}],"wp:featuredmedia":[{"embeddable":true,"href":"https:\/\/stickerdeco.fr\/it\/wp-json\/wp\/v2\/media\/142894"}],"wp:attachment":[{"href":"https:\/\/stickerdeco.fr\/it\/wp-json\/wp\/v2\/media?parent=142885"}],"wp:term":[{"taxonomy":"product_brand","embeddable":true,"href":"https:\/\/stickerdeco.fr\/it\/wp-json\/wp\/v2\/product_brand?post=142885"},{"taxonomy":"product_cat","embeddable":true,"href":"https:\/\/stickerdeco.fr\/it\/wp-json\/wp\/v2\/product_cat?post=142885"},{"taxonomy":"product_tag","embeddable":true,"href":"https:\/\/stickerdeco.fr\/it\/wp-json\/wp\/v2\/product_tag?post=142885"}],"curies":[{"name":"wp","href":"https:\/\/api.w.org\/{rel}","templated":true}]}}